{"id":1723,"date":"2019-05-03T10:44:18","date_gmt":"2019-05-03T10:44:18","guid":{"rendered":"http:\/\/hostalvelilla.com\/entorno\/"},"modified":"2019-06-04T12:19:32","modified_gmt":"2019-06-04T10:19:32","slug":"environment","status":"publish","type":"page","link":"https:\/\/hostalvelilla.com\/en\/environment\/","title":{"rendered":"Environment"},"content":{"rendered":"<p>[vc_row css=&#8221;.vc_custom_1559634949597{margin-right: 5% !important;margin-left: 5% !important;}&#8221;][vc_column][vc_column_text]<\/p>\n<h2><strong>CONOCE ALMU\u00d1ECAR<\/strong><\/h2>\n<p>[\/vc_column_text][vc_row_inner content_placement=&#8221;middle&#8221;][vc_column_inner width=&#8221;2\/3&#8243;][vc_column_text]<\/p>\n<h3 style=\"text-align: justify;\">HISTORIA<\/h3>\n<p style=\"text-align: justify;\">La historia de Almu\u00f1\u00e9car se inicia en el a\u00f1o 1500 a. C, con la presencia de la cultura arg\u00e1rica de la Edad de Bronce. Con el paso del tiempo, el municipio ha sido un enclave codiciado por numerosos colonizadores desde los albores de la historia.<\/p>\n<p style=\"text-align: justify;\">A finales del siglo IX, los fenicios colonizaron el territorio denomin\u00e1ndolo\u00a0<i>Ex<\/i>. M\u00e1s tarde, en el siglo III a. C, los romanos denominaron a la floreciente ciudad\u00a0<i>Sexi Firmum Iulium<\/i>, la cual exportaba a todo el imperio salazones de pescado y el preciado\u00a0<i>garum<\/i>\u00a0(pasta realizada con v\u00edsceras de pescado).<\/p>\n<p style=\"text-align: justify;\">De su pasado fenicio-p\u00fanico dan fe la Necr\u00f3polis Laurita y la de Puente de Noy, mientras que de la \u00e9poca romana se conservan monumentos como el imponente Acueducto, los Columbarios de La Torre del Monje y La Albina, la Factor\u00eda de Salazones y la Cueva de Siete Palacios. Adem\u00e1s, los \u00e1rabes han dejado en la localidad una huella imposible de borrar, como es el nombre actual del municipio, que proviene de la denominaci\u00f3n \u00e1rabe\u00a0<i>Al-Munekab<\/i>\u00a0(fortaleza en la colina). Entre las estrechas e intrincadas calles del casco hist\u00f3rico, a\u00fan puede respirarse la esencia de la Almu\u00f1\u00e9car andalus\u00ed, cuyos pobladores fueron testigos del desembarco de Abderram\u00e1n I, fundador del Emirato Omeya en el a\u00f1o 755. Las torres vig\u00eda que jalonan el litoral sexitano y el Castillo de San Miguel que corana la poblaci\u00f3n son herencia de los casi ochocientos a\u00f1os de presencia musulmana en la zona.<\/p>\n<p style=\"text-align: justify;\">Por \u00faltimo, los cristianos edificaron la Iglesia de la Encarnaci\u00f3n y el Pilar de la Calle Real. A mediados del siglo XIX se construy\u00f3 el Palacete de La Najarra y m\u00e1s recientemente las esculturas que embellecen la poblaci\u00f3n, entre otras, el Monumento a Abderram\u00e1n I, el Monumento a los Fenicios o la Puerta de Almu\u00f1\u00e9car en honor a Blas Infante.<\/p>\n<p>[\/vc_column_text][\/vc_column_inner][vc_column_inner width=&#8221;1\/3&#8243; css=&#8221;.vc_custom_1559635079956{padding-top: 30px !important;}&#8221;][vc_single_image image=&#8221;1643&#8243; img_size=&#8221;full&#8221;][\/vc_column_inner][\/vc_row_inner][\/vc_column][\/vc_row][vc_row css=&#8221;.vc_custom_1559634959498{margin-right: 5% !important;margin-left: 5% !important;padding-top: 50px !important;padding-bottom: 50px !important;}&#8221;][vc_column][vc_row_inner][vc_column_inner width=&#8221;2\/3&#8243;][vc_column_text]<\/p>\n<h3 style=\"text-align: justify;\"><strong>PLAYAS<\/strong><\/h3>\n<p style=\"text-align: justify;\">A lo largo de 19 Km. de litoral, Almu\u00f1\u00e9car cuenta con playas para todos los gustos y p\u00fablicos: Playas urbanas, calas entre acantilados, playas de gravilla, playas de arena gris y negra, playas naturistas. Las playas ubicadas junto a los n\u00facleos de poblaci\u00f3n de La Herradura, Almu\u00f1\u00e9car, Velilla y Taramay, est\u00e1n dotadas de una amplia gama de servicios de accesibilidad, sanitarios y de vigilancia. Algunas de ellas han sido galardonadas en numerosas ocasiones con el distintivo de Bandera Azul. Asimismo son numerosas las playas entre acantilados, alejadas de los centros de poblaci\u00f3n con f\u00e1cil acceso a pie, otras son encantadoras calas muy demandadas por el visitante. Todas ellas son recomendables para el ba\u00f1o en cualquier \u00e9poca del a\u00f1o. Son 26 las playas del litoral de Almu\u00f1\u00e9car. Destacamos algunas de ellas (relacionadas seg\u00fan su situaci\u00f3n geogr\u00e1fica de Oeste a Este):<\/p>\n<p>[\/vc_column_text][\/vc_column_inner][vc_column_inner width=&#8221;1\/3&#8243;][vc_single_image image=&#8221;1653&#8243; img_size=&#8221;full&#8221;][\/vc_column_inner][\/vc_row_inner][vc_column_text]<iframe loading=\"lazy\" src=\"https:\/\/www.google.com\/maps\/d\/embed?mid=1cFnW45kP65xYX1BDGvY0W4UHAis\" width=\"100%\" height=\"300\"><\/iframe>[\/vc_column_text][\/vc_column][\/vc_row][vc_row css=&#8221;.vc_custom_1559634966649{margin-right: 5% !important;margin-left: 5% !important;padding-top: 50px !important;}&#8221;][vc_column][vc_column_text]<\/p>\n<h3><strong>ACTIVIDADES<\/strong><\/h3>\n<p>[\/vc_column_text][vc_row_inner][vc_column_inner width=&#8221;1\/2&#8243;][vc_column_text]<\/p>\n<p style=\"text-align: justify;\">Almu\u00f1\u00e9car y La Herradura cuentan con 19 Km de costa y gracias a la variedad del relieve, se alternan playas urbanas familiares y de f\u00e1cil acceso con peque\u00f1as calas de arena enmarcadas entre acantilados o pe\u00f1ones ideales por ejemplo, para los amantes del submarinismo, la fotograf\u00eda submarina, del Snorkel\u2026 Las c\u00e1lidas y cristalinas aguas del mar Mediterr\u00e1neo son el escenario perfecto para la pr\u00e1ctica de numerosas actividades acu\u00e1ticas como el kitesurf, el padelsurf, windsurf, vela, motos acu\u00e1ticas\u2026<\/p>\n<p style=\"text-align: justify;\">Si prefieres dar un paseo en barco, os recomendamos contactar con algunas de las empresas que organizan excursiones por el mar y visitar el Puerto Deportivo \u201cMarina del Este\u201d, dise\u00f1ado en el m\u00e1s puro estilo mediterr\u00e1neo que destaca por su aspecto acogedor.<br \/>\nSi eres un amante de la bot\u00e1nica y de la fauna, est\u00e1s de suerte ya que al mismo tiempo que practicas el senderismo, haces rutas en bicicleta o das un paseo a caballo podr\u00e1s observar una vegetaci\u00f3n aut\u00f3ctona y aclimatada compuesta por ejemplo de adelfas, carrizo, ca\u00f1as, palmitos, lentiscos y olivos, acebuches, almendros, higueras o ricinos (especie introducida en \u00e9poca romana que se explotaba junto con el famoso \u201cGarum\u201d), tambi\u00e9n usada como remedios medicinales sobre todo en los a\u00f1os 60, y por supuesto una gran variedad de subtropicales como el Ave del Para\u00edso con su espectacular floraci\u00f3n, el mango, papaya, babaco, guayabo, el chirimoyo y el aguacate.Si lo tuyo es ir por aire, y conocer Almu\u00f1\u00e9car y La Herradura a vista de p\u00e1jaro, contamos con diversos puntos de partida ideales para montar en parapente, ala delta o paratrike\u2026 si a\u00fan no est\u00e1s decidido, \u00a1siempre puedes probar en un biplaza!<\/p>\n<p>[\/vc_column_text][\/vc_column_inner][vc_column_inner width=&#8221;1\/2&#8243; css=&#8221;.vc_custom_1559634932795{padding-top: 10px !important;}&#8221;][vc_single_image image=&#8221;1584&#8243; img_size=&#8221;full&#8221;][\/vc_column_inner][\/vc_row_inner][\/vc_column][\/vc_row][vc_row css=&#8221;.vc_custom_1559634984051{margin-right: 5% !important;margin-left: 5% !important;padding-top: 20px !important;padding-bottom: 20px !important;}&#8221;][vc_column width=&#8221;1\/3&#8243;][vc_single_image image=&#8221;1651&#8243; img_size=&#8221;full&#8221;][\/vc_column][vc_column width=&#8221;2\/3&#8243; css=&#8221;.vc_custom_1559634834785{padding-top: 20px !important;}&#8221;][vc_column_text]<\/p>\n<p style=\"text-align: justify;\">Durante el d\u00eda te proponemos visitar alguno de los centros de ocio, como por ejemplo el Parque de la Naturaleza \u201cPe\u00f1a Escrita\u201d, el Acuario de Fauna Mediterr\u00e1nea, el Parque Bot\u00e1nico de El Majuelo, el Parque Ornitol\u00f3gico \u201cLoro Sexi\u201d y si tu visita es durante el verano no dejes pasar la oportunidad de ir al \u201cAquatropic\u201d, un parque acu\u00e1tico de agua salada ideal para disfrutar en familia que hace las delicias de peque\u00f1os y mayores con sus toboganes, piscina de olas, el lago cascada o el kamikaze\u2026<br \/>\nSi vienes con ganas de relajarte, Almu\u00f1\u00e9car y La Herradura cuenta con varias instalaciones de spa que realizan diversos tratamientos est\u00e9ticos y de relax para combatir el estr\u00e9s, aunque tambi\u00e9n puedes despejar la mente dando un pase\u00edto por el centro, donde encontrar\u00e1s tiendas y boutiques. Si te gusta ir a los mercadillos, aqu\u00ed se celebran los viernes; y los domingos tenemos el rastro de segunda mano.<\/p>\n<p style=\"text-align: justify;\">No puedes visitarnos y no salir a degustar nuestra exquisita gastronom\u00eda basada en gran parte en los frutos tropicales y en los productos del mar.<br \/>\nEn Almu\u00f1\u00e9car hay una gama variada de establecimientos, por ejemplo restaurantes con cocina tradicional, otros de cocina m\u00e1s internacional o creativa, chiringuitos donde encontrar\u00e1s el pescaito frito o los espetos de sardinas, bares de tapas\u2026<\/p>\n<p>[\/vc_column_text][\/vc_column][\/vc_row][vc_row css=&#8221;.vc_custom_1559634990335{margin-right: 5% !important;margin-left: 5% !important;padding-top: 50px !important;}&#8221;][vc_column][vc_column_text]<\/p>\n<h4><strong>Leyendas<\/strong><\/h4>\n<p>[\/vc_column_text][vc_row_inner css=&#8221;.vc_custom_1559634827299{padding-top: 20px !important;}&#8221;][vc_column_inner width=&#8221;2\/3&#8243;][vc_column_text]Entre las muchas leyendas que rondan por Almu\u00f1\u00e9car, destacan 2 de ellas: La de la sirena y la del pozo.<\/p>\n<ul>\n<li>Leyenda de la sirena:<\/li>\n<\/ul>\n<p>Cuentan los ancianos que oyeron de sus antepasados que en Almu\u00f1\u00e9car vivi\u00f3 una mujer llamada Josefina que enviud\u00f3 joven, enferma y con tan solo una hermosa hija de nombre Marina. Marina creci\u00f3 resignada y dedicada en cuerpo y alma al cuidado de su querida madre. Su \u00fanica distracci\u00f3n, en el poco tiempo que le quedaba, era bajar a la playa y sentarse all\u00ed cada noche.<\/p>\n<p>Ella, de belleza inigualable, rechazaba a todos y cada uno de los pretendientes del pueblo con la excusa de sus m\u00faltiples quehaceres para su madre Josefina. Sus salidas nocturnas hacia el mar cada noche la hicieron taciturna y pensante, su car\u00e1cter era reservado y m\u00edstico. Marina escuchaba el murmullo del romper de las olas y observaba el horizonte, donde se reflejaba la luz de la luna sobre el mar de estrellas de plata.<\/p>\n<p>Las gentes la daban por loca e incluso lleg\u00f3 a o\u00eddos de su madre, hasta que un d\u00eda le pregunt\u00f3 que cu\u00e1l era el motivo de sus visitas a la playa, a lo que Marina le contest\u00f3 que iba al encuentro de su amado, el mar. Josefina, extra\u00f1ada sentenci\u00f3 que como siguiera as\u00ed, se acabar\u00eda convirtiendo en pez.<\/p>\n<p>Al poco, Josefina falleci\u00f3 y Marina, tras dar sepultura a su madre, baj\u00f3 a la playa en una noche de luna llena, se desnud\u00f3 y se meti\u00f3 en el mar, del que nunca volvi\u00f3 a salir.<\/p>\n<p>Dicen que cada noche de luna llena de junio se ve sobre el Pe\u00f1\u00f3n la silueta de una joven y bella sirena tumbada observando el horizonte y poco despu\u00e9s desaparec\u00eda en el agua. Sin duda, Marina se fundi\u00f3 con su amado mar.<\/p>\n<ul>\n<li>Leyenda del pozo:<\/li>\n<\/ul>\n<p>Antes de la Guerra Civil Espa\u00f1ola, radicales saqueaban y quemaban las iglesias, arrasando con todas las im\u00e1genes. Una mujer que estaba al tanto de lo ocurrido, decidi\u00f3 guardar y mantener a salvo la cara y las manos de la Virgen de los Dolores dentro de un pozo. Pasados los a\u00f1os y acabada la Guerra Civil, unas mujeres encontraron estas piezas. Gracias a la mujer que las escondi\u00f3 se mantuvo a salvo la reliquia de esta Virgen.[\/vc_column_text][\/vc_column_inner][vc_column_inner width=&#8221;1\/3&#8243; css=&#8221;.vc_custom_1558508432871{padding-top: 10px !important;}&#8221;][vc_single_image image=&#8221;1645&#8243; img_size=&#8221;full&#8221;][\/vc_column_inner][\/vc_row_inner][\/vc_column][\/vc_row][vc_row css=&#8221;.vc_custom_1559634996714{margin-right: 5% !important;margin-left: 5% !important;padding-top: 50px !important;}&#8221;][vc_column][vc_column_text]<\/p>\n<h3><strong>FIESTAS<\/strong><\/h3>\n<p>[\/vc_column_text][vc_row_inner][vc_column_inner width=&#8221;1\/2&#8243;][vc_column_text]<\/p>\n<ul>\n<li>Fiestas del barrio de\u00a0<a class=\"mw-redirect\" title=\"San Sebasti\u00e1n m\u00e1rtir\" href=\"https:\/\/es.wikipedia.org\/wiki\/San_Sebasti%C3%A1n_m%C3%A1rtir\">San Sebasti\u00e1n<\/a>\u00a0en honor a su patr\u00f3n &#8211;\u00a020 de enero.<\/li>\n<li><a class=\"mw-redirect\" title=\"Fiestas patronales\" href=\"https:\/\/es.wikipedia.org\/wiki\/Fiestas_patronales\">Fiestas patronales<\/a>\u00a0en honor de\u00a0<a title=\"Jos\u00e9 de Nazaret\" href=\"https:\/\/es.wikipedia.org\/wiki\/Jos%C3%A9_de_Nazaret\">San Jos\u00e9<\/a>\u00a0(<a title=\"La Herradura\" href=\"https:\/\/es.wikipedia.org\/wiki\/La_Herradura\">La Herradura<\/a>) &#8211;\u00a019 de marzo.<\/li>\n<li><a title=\"Semana Santa\" href=\"https:\/\/es.wikipedia.org\/wiki\/Semana_Santa\">Semana Santa<\/a>\u00a0declarada de inter\u00e9s tur\u00edstico-cultural &#8211; Fiesta variable.<\/li>\n<li><a class=\"mw-redirect\" title=\"Cruces de Mayo\" href=\"https:\/\/es.wikipedia.org\/wiki\/Cruces_de_Mayo\">Cruces de Mayo<\/a>\u00a0&#8211;\u00a03 de mayo.<\/li>\n<li><a title=\"Romer\u00eda\" href=\"https:\/\/es.wikipedia.org\/wiki\/Romer%C3%ADa\">Romer\u00eda<\/a>\u00a0de la\u00a0<a title=\"Virgen de F\u00e1tima\" href=\"https:\/\/es.wikipedia.org\/wiki\/Virgen_de_F%C3%A1tima\">Virgen de F\u00e1tima<\/a>\u00a0en el barrio de\u00a0<a class=\"new\" title=\"El Cerval (Almu\u00f1\u00e9car) (a\u00fan no redactado)\" href=\"https:\/\/es.wikipedia.org\/w\/index.php?title=El_Cerval_(Almu%C3%B1%C3%A9car)&amp;action=edit&amp;redlink=1\">El Cerval<\/a>\u00a0&#8211;\u00a013 de mayo.<\/li>\n<li><a title=\"Romer\u00eda\" href=\"https:\/\/es.wikipedia.org\/wiki\/Romer%C3%ADa\">Romer\u00eda<\/a>\u00a0de\u00a0<a class=\"mw-redirect\" title=\"San Isidro Labrador\" href=\"https:\/\/es.wikipedia.org\/wiki\/San_Isidro_Labrador\">San Isidro Labrador<\/a>\u00a0&#8211; Domingo m\u00e1s cercano al\u00a015 de mayo<\/li>\n<li><a title=\"Corpus Christi\" href=\"https:\/\/es.wikipedia.org\/wiki\/Corpus_Christi\">Corpus Christi<\/a>\u00a0&#8211; Fiesta variable.<\/li>\n<li>Noche y d\u00eda de\u00a0<a title=\"Juan el Bautista\" href=\"https:\/\/es.wikipedia.org\/wiki\/Juan_el_Bautista\">San Juan<\/a>\u00a0&#8211;\u00a023\u00a0y\u00a024 de junio.<\/li>\n<li>Fiestas del barrio de Taramay &#8211; primer fin de semana de julio.<\/li>\n<li>Fiestas del barrio de Los Marinos en honor de\u00a0<a title=\"Virgen del Carmen\" href=\"https:\/\/es.wikipedia.org\/wiki\/Virgen_del_Carmen\">Nuestra Se\u00f1ora del Carmen<\/a>\u00a0(patrona de los marineros) &#8211;\u00a016 de julio.<\/li>\n<li>Fiestas patronales en honor de\u00a0<a title=\"Nuestra Se\u00f1ora de la Antigua Coronada (Almu\u00f1\u00e9car)\" href=\"https:\/\/es.wikipedia.org\/wiki\/Nuestra_Se%C3%B1ora_de_la_Antigua_Coronada_(Almu%C3%B1%C3%A9car)\">Nuestra Se\u00f1ora de la Antigua Coronada<\/a>, patrona de la ciudad &#8211; del\u00a09\u00a0al\u00a015 de agosto.<\/li>\n<li>Fiestas en honor de\u00a0<a title=\"Arc\u00e1ngel Miguel\" href=\"https:\/\/es.wikipedia.org\/wiki\/Arc%C3%A1ngel_Miguel\">San Miguel<\/a>\u00a0(patr\u00f3n del barrio de San Miguel) &#8211;\u00a029 de septiembre.<\/li>\n<li>Fiestas en honor de la\u00a0<a class=\"mw-redirect\" title=\"Virgen Mar\u00eda\" href=\"https:\/\/es.wikipedia.org\/wiki\/Virgen_Mar%C3%ADa\">Virgen Madre<\/a>\u00a0del barrio de Torrecuevas &#8211;\u00a012 de octubre.<\/li>\n<li>Fiestas del barrio de la Carrera de la Concepci\u00f3n en honor a la\u00a0<a title=\"Inmaculada Concepci\u00f3n\" href=\"https:\/\/es.wikipedia.org\/wiki\/Inmaculada_Concepci%C3%B3n\">Inmaculada Concepci\u00f3n<\/a>\u00a0&#8211;\u00a08 de diciembre.<\/li>\n<\/ul>\n<p>[\/vc_column_text][\/vc_column_inner][vc_column_inner width=&#8221;1\/2&#8243; css=&#8221;.vc_custom_1558508479022{padding-top: 10px !important;}&#8221;][vc_single_image image=&#8221;1649&#8243; img_size=&#8221;full&#8221;][\/vc_column_inner][\/vc_row_inner][\/vc_column][\/vc_row]<\/p>\n","protected":false},"excerpt":{"rendered":"<p>[vc_row css=&#8221;.vc_custom_1559634949597{margin-right: 5% !important;margin-left: 5% !important;}&#8221;][vc_column][vc_column_text] CONOCE ALMU\u00d1ECAR [\/vc_column_text][vc_row_inner content_placement=&#8221;middle&#8221;][vc_column_inner width=&#8221;2\/3&#8243;][vc_column_text] HISTORIA La historia de Almu\u00f1\u00e9car se inicia en el a\u00f1o 1500 a. C, con la presencia de la cultura arg\u00e1rica de la Edad de Bronce. Con el paso del tiempo, el municipio ha sido&#8230;<\/p>\n","protected":false},"author":1,"featured_media":0,"parent":0,"menu_order":0,"comment_status":"closed","ping_status":"closed","template":"full-width.php","meta":[],"yoast_head":"<!-- This site is optimized with the Yoast SEO plugin v18.2 - https:\/\/yoast.com\/wordpress\/plugins\/seo\/ -->\n<title>Environment - Hostal Velilla | Almu\u00f1ecar<\/title>\n<meta name=\"robots\" content=\"index, follow, max-snippet:-1, max-image-preview:large, max-video-preview:-1\" \/>\n<link rel=\"canonical\" href=\"https:\/\/hostalvelilla.com\/en\/environment\/\" \/>\n<meta property=\"og:locale\" content=\"en_US\" \/>\n<meta property=\"og:type\" content=\"article\" \/>\n<meta property=\"og:title\" content=\"Environment - Hostal Velilla | Almu\u00f1ecar\" \/>\n<meta property=\"og:description\" content=\"[vc_row css=&#8221;.vc_custom_1559634949597{margin-right: 5% !important;margin-left: 5% !important;}&#8221;][vc_column][vc_column_text] CONOCE ALMU\u00d1ECAR [\/vc_column_text][vc_row_inner content_placement=&#8221;middle&#8221;][vc_column_inner width=&#8221;2\/3&#8243;][vc_column_text] HISTORIA La historia de Almu\u00f1\u00e9car se inicia en el a\u00f1o 1500 a. C, con la presencia de la cultura arg\u00e1rica de la Edad de Bronce. Con el paso del tiempo, el municipio ha sido...\" \/>\n<meta property=\"og:url\" content=\"https:\/\/hostalvelilla.com\/en\/environment\/\" \/>\n<meta property=\"og:site_name\" content=\"Hostal Velilla | Almu\u00f1ecar\" \/>\n<meta property=\"article:modified_time\" content=\"2019-06-04T10:19:32+00:00\" \/>\n<meta name=\"twitter:card\" content=\"summary_large_image\" \/>\n<meta name=\"twitter:label1\" content=\"Est. reading time\" \/>\n\t<meta name=\"twitter:data1\" content=\"10 minutes\" \/>\n<script type=\"application\/ld+json\" class=\"yoast-schema-graph\">{\"@context\":\"https:\/\/schema.org\",\"@graph\":[{\"@type\":\"WebSite\",\"@id\":\"https:\/\/hostalvelilla.com\/en\/#website\",\"url\":\"https:\/\/hostalvelilla.com\/en\/\",\"name\":\"Hostal Velilla | Almu\u00f1ecar\",\"description\":\"| Web Oficial | Mejor Precio\",\"potentialAction\":[{\"@type\":\"SearchAction\",\"target\":{\"@type\":\"EntryPoint\",\"urlTemplate\":\"https:\/\/hostalvelilla.com\/en\/?s={search_term_string}\"},\"query-input\":\"required name=search_term_string\"}],\"inLanguage\":\"en-US\"},{\"@type\":\"WebPage\",\"@id\":\"https:\/\/hostalvelilla.com\/en\/environment\/#webpage\",\"url\":\"https:\/\/hostalvelilla.com\/en\/environment\/\",\"name\":\"Environment - Hostal Velilla | Almu\u00f1ecar\",\"isPartOf\":{\"@id\":\"https:\/\/hostalvelilla.com\/en\/#website\"},\"datePublished\":\"2019-05-03T10:44:18+00:00\",\"dateModified\":\"2019-06-04T10:19:32+00:00\",\"breadcrumb\":{\"@id\":\"https:\/\/hostalvelilla.com\/en\/environment\/#breadcrumb\"},\"inLanguage\":\"en-US\",\"potentialAction\":[{\"@type\":\"ReadAction\",\"target\":[\"https:\/\/hostalvelilla.com\/en\/environment\/\"]}]},{\"@type\":\"BreadcrumbList\",\"@id\":\"https:\/\/hostalvelilla.com\/en\/environment\/#breadcrumb\",\"itemListElement\":[{\"@type\":\"ListItem\",\"position\":1,\"name\":\"Portada\",\"item\":\"https:\/\/hostalvelilla.com\/en\/\"},{\"@type\":\"ListItem\",\"position\":2,\"name\":\"Environment\"}]}]}<\/script>\n<!-- \/ Yoast SEO plugin. -->","yoast_head_json":{"title":"Environment - Hostal Velilla | Almu\u00f1ecar","robots":{"index":"index","follow":"follow","max-snippet":"max-snippet:-1","max-image-preview":"max-image-preview:large","max-video-preview":"max-video-preview:-1"},"canonical":"https:\/\/hostalvelilla.com\/en\/environment\/","og_locale":"en_US","og_type":"article","og_title":"Environment - Hostal Velilla | Almu\u00f1ecar","og_description":"[vc_row css=&#8221;.vc_custom_1559634949597{margin-right: 5% !important;margin-left: 5% !important;}&#8221;][vc_column][vc_column_text] CONOCE ALMU\u00d1ECAR [\/vc_column_text][vc_row_inner content_placement=&#8221;middle&#8221;][vc_column_inner width=&#8221;2\/3&#8243;][vc_column_text] HISTORIA La historia de Almu\u00f1\u00e9car se inicia en el a\u00f1o 1500 a. C, con la presencia de la cultura arg\u00e1rica de la Edad de Bronce. Con el paso del tiempo, el municipio ha sido...","og_url":"https:\/\/hostalvelilla.com\/en\/environment\/","og_site_name":"Hostal Velilla | Almu\u00f1ecar","article_modified_time":"2019-06-04T10:19:32+00:00","twitter_card":"summary_large_image","twitter_misc":{"Est. reading time":"10 minutes"},"schema":{"@context":"https:\/\/schema.org","@graph":[{"@type":"WebSite","@id":"https:\/\/hostalvelilla.com\/en\/#website","url":"https:\/\/hostalvelilla.com\/en\/","name":"Hostal Velilla | Almu\u00f1ecar","description":"| Web Oficial | Mejor Precio","potentialAction":[{"@type":"SearchAction","target":{"@type":"EntryPoint","urlTemplate":"https:\/\/hostalvelilla.com\/en\/?s={search_term_string}"},"query-input":"required name=search_term_string"}],"inLanguage":"en-US"},{"@type":"WebPage","@id":"https:\/\/hostalvelilla.com\/en\/environment\/#webpage","url":"https:\/\/hostalvelilla.com\/en\/environment\/","name":"Environment - Hostal Velilla | Almu\u00f1ecar","isPartOf":{"@id":"https:\/\/hostalvelilla.com\/en\/#website"},"datePublished":"2019-05-03T10:44:18+00:00","dateModified":"2019-06-04T10:19:32+00:00","breadcrumb":{"@id":"https:\/\/hostalvelilla.com\/en\/environment\/#breadcrumb"},"inLanguage":"en-US","potentialAction":[{"@type":"ReadAction","target":["https:\/\/hostalvelilla.com\/en\/environment\/"]}]},{"@type":"BreadcrumbList","@id":"https:\/\/hostalvelilla.com\/en\/environment\/#breadcrumb","itemListElement":[{"@type":"ListItem","position":1,"name":"Portada","item":"https:\/\/hostalvelilla.com\/en\/"},{"@type":"ListItem","position":2,"name":"Environment"}]}]}},"_links":{"self":[{"href":"https:\/\/hostalvelilla.com\/en\/wp-json\/wp\/v2\/pages\/1723"}],"collection":[{"href":"https:\/\/hostalvelilla.com\/en\/wp-json\/wp\/v2\/pages"}],"about":[{"href":"https:\/\/hostalvelilla.com\/en\/wp-json\/wp\/v2\/types\/page"}],"author":[{"embeddable":true,"href":"https:\/\/hostalvelilla.com\/en\/wp-json\/wp\/v2\/users\/1"}],"replies":[{"embeddable":true,"href":"https:\/\/hostalvelilla.com\/en\/wp-json\/wp\/v2\/comments?post=1723"}],"version-history":[{"count":1,"href":"https:\/\/hostalvelilla.com\/en\/wp-json\/wp\/v2\/pages\/1723\/revisions"}],"predecessor-version":[{"id":1738,"href":"https:\/\/hostalvelilla.com\/en\/wp-json\/wp\/v2\/pages\/1723\/revisions\/1738"}],"wp:attachment":[{"href":"https:\/\/hostalvelilla.com\/en\/wp-json\/wp\/v2\/media?parent=1723"}],"curies":[{"name":"wp","href":"https:\/\/api.w.org\/{rel}","templated":true}]}}